{"id":1433,"date":"2022-02-07T14:15:25","date_gmt":"2022-02-07T13:15:25","guid":{"rendered":"https:\/\/www.lucieglinel.com\/?page_id=1433"},"modified":"2024-12-12T15:06:36","modified_gmt":"2024-12-12T14:06:36","slug":"monica-acevedo","status":"publish","type":"page","link":"https:\/\/www.lucieglinel.com\/?page_id=1433","title":{"rendered":"Monica Acevedo"},"content":{"rendered":"\n<figure class=\"wp-block-image size-full is-resized\"><a href=\"https:\/\/www.lucieglinel.com\/wp-content\/uploads\/2024\/12\/199218576_492986918586725_6020194948967971948_n.jpeg\"><img fetchpriority=\"high\" decoding=\"async\" width=\"1365\" height=\"2048\" src=\"https:\/\/www.lucieglinel.com\/wp-content\/uploads\/2024\/12\/199218576_492986918586725_6020194948967971948_n.jpeg\" alt=\"\" class=\"wp-image-1756\" style=\"width:428px;height:auto\" srcset=\"https:\/\/www.lucieglinel.com\/wp-content\/uploads\/2024\/12\/199218576_492986918586725_6020194948967971948_n.jpeg 1365w, https:\/\/www.lucieglinel.com\/wp-content\/uploads\/2024\/12\/199218576_492986918586725_6020194948967971948_n-200x300.jpeg 200w, https:\/\/www.lucieglinel.com\/wp-content\/uploads\/2024\/12\/199218576_492986918586725_6020194948967971948_n-683x1024.jpeg 683w, https:\/\/www.lucieglinel.com\/wp-content\/uploads\/2024\/12\/199218576_492986918586725_6020194948967971948_n-768x1152.jpeg 768w, https:\/\/www.lucieglinel.com\/wp-content\/uploads\/2024\/12\/199218576_492986918586725_6020194948967971948_n-1024x1536.jpeg 1024w\" sizes=\"(max-width: 1365px) 100vw, 1365px\" \/><\/a><\/figure>\n\n\n\n<p><br><strong>Monica Acevedo : <\/strong>c\u2019est en chantant avec ses parents les chansons traditionnelles du Nord de l\u2019Espagne qu\u2019elle commence la musique. Puis elle suit une formation classique au violon en Espagne et aux Pays Bas. Et c\u2019est \u00e0 l\u2019\u00e2ge de 19 ans qu\u2019elle d\u00e9cide de partir pour s\u2019enrichir et apprendre de nouveaux styles musicaux. Elle a suivi une formation de musique actuelle au Centre Musiques Didier Lockwood. C\u2019est gr\u00e2ce \u00e0 cette \u00e9cole qu\u2019elle a d\u00e9couvert le plaisir du chant et du travail de la voix.\u00a0<\/p>\n","protected":false},"excerpt":{"rendered":"<p>Monica Acevedo : c\u2019est en chantant avec ses parents les chansons traditionnelles du Nord de l\u2019Espagne qu\u2019elle commence la musique. Puis elle suit une formation classique au violon en Espagne et aux Pays Bas. Et c\u2019est \u00e0 l\u2019\u00e2ge de 19 ans qu\u2019elle d\u00e9cide de partir pour s\u2019enrichir et apprendre de nouveaux styles musicaux. Elle a suivi une formation de musique actuelle au Centre Musiques Didier Lockwood. C\u2019est gr\u00e2ce \u00e0 cette \u00e9cole qu\u2019elle a d\u00e9couvert le plaisir du chant et du&#8230;<\/p>\n<p class=\"read-more\"><a class=\"btn btn-default\" href=\"https:\/\/www.lucieglinel.com\/?page_id=1433\">Lire la suite<span class=\"screen-reader-text\"> Lire la suite<\/span><\/a><\/p>\n","protected":false},"author":1,"featured_media":0,"parent":0,"menu_order":0,"comment_status":"closed","ping_status":"closed","template":"","meta":{"ngg_post_thumbnail":0,"footnotes":""},"class_list":["post-1433","page","type-page","status-publish","hentry"],"_links":{"self":[{"href":"https:\/\/www.lucieglinel.com\/index.php?rest_route=\/wp\/v2\/pages\/1433","targetHints":{"allow":["GET"]}}],"collection":[{"href":"https:\/\/www.lucieglinel.com\/index.php?rest_route=\/wp\/v2\/pages"}],"about":[{"href":"https:\/\/www.lucieglinel.com\/index.php?rest_route=\/wp\/v2\/types\/page"}],"author":[{"embeddable":true,"href":"https:\/\/www.lucieglinel.com\/index.php?rest_route=\/wp\/v2\/users\/1"}],"replies":[{"embeddable":true,"href":"https:\/\/www.lucieglinel.com\/index.php?rest_route=%2Fwp%2Fv2%2Fcomments&post=1433"}],"version-history":[{"count":3,"href":"https:\/\/www.lucieglinel.com\/index.php?rest_route=\/wp\/v2\/pages\/1433\/revisions"}],"predecessor-version":[{"id":1758,"href":"https:\/\/www.lucieglinel.com\/index.php?rest_route=\/wp\/v2\/pages\/1433\/revisions\/1758"}],"wp:attachment":[{"href":"https:\/\/www.lucieglinel.com\/index.php?rest_route=%2Fwp%2Fv2%2Fmedia&parent=1433"}],"curies":[{"name":"wp","href":"https:\/\/api.w.org\/{rel}","templated":true}]}}