{"id":728,"date":"2014-09-09T16:00:16","date_gmt":"2014-09-09T14:00:16","guid":{"rendered":"https:\/\/www.lucieglinel.com\/?page_id=728"},"modified":"2024-10-14T18:03:51","modified_gmt":"2024-10-14T16:03:51","slug":"formules-sur-mesure","status":"publish","type":"page","link":"https:\/\/www.lucieglinel.com\/?page_id=728","title":{"rendered":"Formules sur mesure"},"content":{"rendered":"\n<p class=\"has-text-align-center\"><span style=\"color: #ff6600;\"><strong>Balades cont\u00e9es, veill\u00e9es pour rire ou pour se faire peur, occupation ou mise en valeur d&rsquo;un lieu, travail sur un th\u00e8me particulier &#8230;<\/strong><\/span><\/p>\n\n\n\n<p class=\"has-text-align-center\"><span style=\"color: #ff6600;\"><strong>Quel que soit votre projet, appelez-nous !<\/strong><\/span><\/p>\n\n\n\n<div class=\"wp-block-columns is-layout-flex wp-container-core-columns-is-layout-9d6595d7 wp-block-columns-is-layout-flex\">\n<div class=\"wp-block-column is-layout-flow wp-block-column-is-layout-flow\">\n<p>Le 8 juin 2024, \u00e0 la ferme de la recette \u00e0 Echou, la famille Dufour f\u00eate ses 100 ans. Pour l&rsquo;occasion, ils ont demand\u00e9 \u00e0 Lucie de venir collecter, puis raconter les histoires de la ferme avant et depuis son installation. <br>Une balade cont\u00e9e pleine d&rsquo;\u00e9motion !<\/p>\n<\/div>\n\n\n\n<div class=\"wp-block-column is-layout-flow wp-block-column-is-layout-flow\">\n<figure class=\"wp-block-image size-large\"><a href=\"https:\/\/www.lucieglinel.com\/wp-content\/uploads\/2024\/10\/WhatsApp-Image-2024-06-10-at-19.52.06.jpeg\"><img fetchpriority=\"high\" decoding=\"async\" width=\"1024\" height=\"768\" src=\"https:\/\/www.lucieglinel.com\/wp-content\/uploads\/2024\/10\/WhatsApp-Image-2024-06-10-at-19.52.06-1024x768.jpeg\" alt=\"\" class=\"wp-image-1696\" srcset=\"https:\/\/www.lucieglinel.com\/wp-content\/uploads\/2024\/10\/WhatsApp-Image-2024-06-10-at-19.52.06-1024x768.jpeg 1024w, https:\/\/www.lucieglinel.com\/wp-content\/uploads\/2024\/10\/WhatsApp-Image-2024-06-10-at-19.52.06-300x225.jpeg 300w, https:\/\/www.lucieglinel.com\/wp-content\/uploads\/2024\/10\/WhatsApp-Image-2024-06-10-at-19.52.06-768x576.jpeg 768w, https:\/\/www.lucieglinel.com\/wp-content\/uploads\/2024\/10\/WhatsApp-Image-2024-06-10-at-19.52.06-1536x1152.jpeg 1536w, https:\/\/www.lucieglinel.com\/wp-content\/uploads\/2024\/10\/WhatsApp-Image-2024-06-10-at-19.52.06-400x300.jpeg 400w, https:\/\/www.lucieglinel.com\/wp-content\/uploads\/2024\/10\/WhatsApp-Image-2024-06-10-at-19.52.06.jpeg 2048w\" sizes=\"(max-width: 1024px) 100vw, 1024px\" \/><\/a><\/figure>\n<\/div>\n<\/div>\n\n\n\n<div class=\"wp-block-columns is-layout-flex wp-container-core-columns-is-layout-9d6595d7 wp-block-columns-is-layout-flex\">\n<div class=\"wp-block-column is-layout-flow wp-block-column-is-layout-flow\" style=\"flex-basis:66.66%\">\n<figure class=\"wp-block-image size-full\"><a href=\"https:\/\/www.lucieglinel.com\/wp-content\/uploads\/2024\/10\/178850757_100417942205786_1735202130458710748_n.jpeg\"><img decoding=\"async\" width=\"474\" height=\"474\" src=\"https:\/\/www.lucieglinel.com\/wp-content\/uploads\/2024\/10\/178850757_100417942205786_1735202130458710748_n.jpeg\" alt=\"\" class=\"wp-image-1691\" srcset=\"https:\/\/www.lucieglinel.com\/wp-content\/uploads\/2024\/10\/178850757_100417942205786_1735202130458710748_n.jpeg 474w, https:\/\/www.lucieglinel.com\/wp-content\/uploads\/2024\/10\/178850757_100417942205786_1735202130458710748_n-300x300.jpeg 300w, https:\/\/www.lucieglinel.com\/wp-content\/uploads\/2024\/10\/178850757_100417942205786_1735202130458710748_n-150x150.jpeg 150w\" sizes=\"(max-width: 474px) 100vw, 474px\" \/><\/a><\/figure>\n<\/div>\n\n\n\n<div class=\"wp-block-column is-layout-flow wp-block-column-is-layout-flow\" style=\"flex-basis:33.33%\">\n<p><meta charset=\"utf-8\"><\/p>\n\n\n\n<p><span style=\"color: #ff6600;\"><strong><a href=\"https:\/\/culturesenjardins.blogspot.com\/\">Cultures en jardins<\/a><\/strong><\/span><br>A cause de la pand\u00e9mie, on ne pouvait pas organiser de spectacles en int\u00e9rieur &#8230; c&rsquo;est comme \u00e7a qu&rsquo;est n\u00e9 l&rsquo;id\u00e9e de ce festival dans les jardins des habitants de Valence en Brie. Un week-end de bonheur partag\u00e9 !<br>Et le festival perdure, ann\u00e9e apr\u00e8s ann\u00e9e &#8230;<br><\/p>\n<\/div>\n<\/div>\n\n\n\n<div class=\"wp-block-image\"><figure class=\"aligncenter size-full is-resized\"><a href=\"https:\/\/www.lucieglinel.com\/wp-content\/uploads\/2014\/09\/1932352_282499325294753_8464086004993986819_n.jpg\"><img decoding=\"async\" src=\"https:\/\/www.lucieglinel.com\/wp-content\/uploads\/2014\/09\/1932352_282499325294753_8464086004993986819_n.jpg\" alt=\"\" class=\"wp-image-807\" width=\"382\" height=\"256\" srcset=\"https:\/\/www.lucieglinel.com\/wp-content\/uploads\/2014\/09\/1932352_282499325294753_8464086004993986819_n.jpg 800w, https:\/\/www.lucieglinel.com\/wp-content\/uploads\/2014\/09\/1932352_282499325294753_8464086004993986819_n-300x200.jpg 300w, https:\/\/www.lucieglinel.com\/wp-content\/uploads\/2014\/09\/1932352_282499325294753_8464086004993986819_n-450x300.jpg 450w\" sizes=\"(max-width: 382px) 100vw, 382px\" \/><\/a><\/figure><\/div>\n\n\n\n<p><meta charset=\"utf-8\"><meta charset=\"utf-8\"><span style=\"color: #ff6600;\"><span style=\"color: #ff6600;\"><strong>Aux contes ! Etcaetera <\/strong><\/span><\/span><br>Pendant quelques ann\u00e9es, ce fut un rendez-vous r\u00e9gulier, une sc\u00e8ne ouverte o\u00f9 se rencontraient amateurs et professionnels, et le public bienveillant et enthousiaste de Valence en Brie.<br>Aujourd&rsquo;hui, les rendez-vous se font de mani\u00e8re plus al\u00e9atoire, en fonction des envies des uns et des autres. <a rel=\"noopener\" href=\"https:\/\/www.facebook.com\/auxcontesetc\" target=\"_blank\">Pour plus d&rsquo;infos, rendez-vous sur la page facebook !<\/a><\/p>\n\n\n\n<div class=\"wp-block-group\"><div class=\"wp-block-group__inner-container is-layout-flow wp-block-group-is-layout-flow\">\n<div class=\"wp-block-group\"><div class=\"wp-block-group__inner-container is-layout-flow wp-block-group-is-layout-flow\">\n<div class=\"wp-block-group\"><div class=\"wp-block-group__inner-container is-layout-flow wp-block-group-is-layout-flow\">\n<div class=\"wp-block-columns is-layout-flex wp-container-core-columns-is-layout-9d6595d7 wp-block-columns-is-layout-flex\">\n<div class=\"wp-block-column is-layout-flow wp-block-column-is-layout-flow\"><\/div>\n<\/div>\n\n\n\n<div class=\"wp-block-columns is-layout-flex wp-container-core-columns-is-layout-9d6595d7 wp-block-columns-is-layout-flex\">\n<div class=\"wp-block-column is-layout-flow wp-block-column-is-layout-flow\"><\/div>\n<\/div>\n<\/div><\/div>\n<\/div><\/div>\n<\/div><\/div>\n\n\n\n<div class=\"wp-block-group\"><div class=\"wp-block-group__inner-container is-layout-flow wp-block-group-is-layout-flow\">\n<div class=\"wp-block-columns is-layout-flex wp-container-core-columns-is-layout-9d6595d7 wp-block-columns-is-layout-flex\">\n<div class=\"wp-block-column is-layout-flow wp-block-column-is-layout-flow\" style=\"flex-basis:100%\">\n<div class=\"wp-block-columns is-layout-flex wp-container-core-columns-is-layout-9d6595d7 wp-block-columns-is-layout-flex\">\n<div class=\"wp-block-column is-layout-flow wp-block-column-is-layout-flow\" style=\"flex-basis:100%\">\n<div class=\"wp-block-columns is-layout-flex wp-container-core-columns-is-layout-9d6595d7 wp-block-columns-is-layout-flex\">\n<div class=\"wp-block-column is-layout-flow wp-block-column-is-layout-flow\" style=\"flex-basis:66.66%\">\n<figure class=\"wp-block-image size-large\"><a href=\"https:\/\/www.lucieglinel.com\/wp-content\/uploads\/2024\/10\/13418430_1088088131261830_313653970242151133_o.jpeg\"><img loading=\"lazy\" decoding=\"async\" width=\"1024\" height=\"683\" src=\"https:\/\/www.lucieglinel.com\/wp-content\/uploads\/2024\/10\/13418430_1088088131261830_313653970242151133_o-1024x683.jpeg\" alt=\"\" class=\"wp-image-1694\" srcset=\"https:\/\/www.lucieglinel.com\/wp-content\/uploads\/2024\/10\/13418430_1088088131261830_313653970242151133_o-1024x683.jpeg 1024w, https:\/\/www.lucieglinel.com\/wp-content\/uploads\/2024\/10\/13418430_1088088131261830_313653970242151133_o-300x200.jpeg 300w, https:\/\/www.lucieglinel.com\/wp-content\/uploads\/2024\/10\/13418430_1088088131261830_313653970242151133_o-768x512.jpeg 768w, https:\/\/www.lucieglinel.com\/wp-content\/uploads\/2024\/10\/13418430_1088088131261830_313653970242151133_o-450x300.jpeg 450w, https:\/\/www.lucieglinel.com\/wp-content\/uploads\/2024\/10\/13418430_1088088131261830_313653970242151133_o.jpeg 1063w\" sizes=\"(max-width: 1024px) 100vw, 1024px\" \/><\/a><\/figure>\n\n\n\n<p><\/p>\n<\/div>\n\n\n\n<div class=\"wp-block-column is-layout-flow wp-block-column-is-layout-flow\" style=\"flex-basis:33.33%\">\n<p><meta charset=\"utf-8\"><strong><span style=\"color: #ff6600;\">Mai 2016<\/span><\/strong><br><strong>Les histoires de Quincy-Voisins<\/strong><br>Spectacle \u00e9crit suite \u00e0 un collectage d&rsquo;histoires.<br>Mathilde, Lola, L\u00e9a et Yan voulaient raconter les histoires de leur village.<br>Lucie est all\u00e9e \u00e0 la rencontre des habitants. Elle a \u00e9cout\u00e9 leurs histoires. Et elle les a racont\u00e9es.<br>Beaucoup de rires et d&rsquo;\u00e9motion&nbsp;!<\/p>\n<\/div>\n<\/div>\n<\/div>\n<\/div>\n<\/div>\n<\/div>\n<\/div><\/div>\n\n\n\n<div class=\"wp-block-columns is-layout-flex wp-container-core-columns-is-layout-9d6595d7 wp-block-columns-is-layout-flex\">\n<div class=\"wp-block-column is-layout-flow wp-block-column-is-layout-flow\" style=\"flex-basis:33.33%\">\n<p><meta charset=\"utf-8\"><span style=\"color: #ff6600;\"><strong>Mai 2014 :<\/strong><\/span><br>Dans le cadre de la semaine sur le d\u00e9veloppement durable, B\u00e9n\u00e9dicte, du mus\u00e9e de Melun voulait un spectacle sur les transports doux, qui utilise les oeuvres du mus\u00e9e&#8230;<\/p>\n<\/div>\n\n\n\n<div class=\"wp-block-column is-layout-flow wp-block-column-is-layout-flow\" style=\"flex-basis:66.66%\">\n<figure class=\"wp-block-image size-full\"><a href=\"https:\/\/www.lucieglinel.com\/wp-content\/uploads\/2014\/06\/2.jpg\"><img loading=\"lazy\" decoding=\"async\" width=\"1000\" height=\"1000\" src=\"https:\/\/www.lucieglinel.com\/wp-content\/uploads\/2014\/06\/2.jpg\" alt=\"\" class=\"wp-image-694\" srcset=\"https:\/\/www.lucieglinel.com\/wp-content\/uploads\/2014\/06\/2.jpg 1000w, https:\/\/www.lucieglinel.com\/wp-content\/uploads\/2014\/06\/2-150x150.jpg 150w, https:\/\/www.lucieglinel.com\/wp-content\/uploads\/2014\/06\/2-300x300.jpg 300w\" sizes=\"(max-width: 1000px) 100vw, 1000px\" \/><\/a><\/figure>\n<\/div>\n<\/div>\n\n\n\n<div class=\"wp-block-columns is-layout-flex wp-container-core-columns-is-layout-9d6595d7 wp-block-columns-is-layout-flex\">\n<div class=\"wp-block-column is-layout-flow wp-block-column-is-layout-flow\" style=\"flex-basis:66.66%\">\n<figure class=\"wp-block-image size-large\"><a href=\"https:\/\/www.lucieglinel.com\/wp-content\/uploads\/2014\/09\/Flyers-A5-Contes-a\u0300-Frissonner.jpg\"><img loading=\"lazy\" decoding=\"async\" width=\"721\" height=\"1024\" src=\"https:\/\/www.lucieglinel.com\/wp-content\/uploads\/2014\/09\/Flyers-A5-Contes-a\u0300-Frissonner-721x1024.jpg\" alt=\"\" class=\"wp-image-732\" srcset=\"https:\/\/www.lucieglinel.com\/wp-content\/uploads\/2014\/09\/Flyers-A5-Contes-a\u0300-Frissonner-721x1024.jpg 721w, https:\/\/www.lucieglinel.com\/wp-content\/uploads\/2014\/09\/Flyers-A5-Contes-a\u0300-Frissonner-211x300.jpg 211w, https:\/\/www.lucieglinel.com\/wp-content\/uploads\/2014\/09\/Flyers-A5-Contes-a\u0300-Frissonner.jpg 874w\" sizes=\"(max-width: 721px) 100vw, 721px\" \/><\/a><\/figure>\n<\/div>\n\n\n\n<div class=\"wp-block-column is-layout-flow wp-block-column-is-layout-flow\" style=\"flex-basis:33.33%\">\n<p><meta charset=\"utf-8\"><strong><span style=\"color: #ff6600;\">Octobre 2013 \u00e0 Bois le Roi :<\/span><\/strong><br>Et si on organisait une soir\u00e9e autour de la f\u00eate des morts, pour Haloween ?<br>Organis\u00e9 avec <a rel=\"noopener\" href=\"http:\/\/www.lesfontainesahistoires.fr\/www.lesfontainesahistoires.fr\/Bienvenue.html\" target=\"_blank\">Les fontaines \u00e0 histoires<\/a> et l&rsquo;\u00e2nerie Bacotte<\/p>\n<\/div>\n<\/div>\n\n\n\n<div class=\"wp-block-columns is-layout-flex wp-container-core-columns-is-layout-9d6595d7 wp-block-columns-is-layout-flex\">\n<div class=\"wp-block-column is-layout-flow wp-block-column-is-layout-flow\" style=\"flex-basis:33.33%\">\n<p><meta charset=\"utf-8\"><strong><span style=\"color: #ff6600;\">Novembre 2014<\/span><\/strong><br>Et si on cr\u00e9ait une ligue d&rsquo;improvisation th\u00e9\u00e2trale \u00e0 Valence en Brie ? C&rsquo;est comme \u00e7a que le <a rel=\"noopener\" href=\"https:\/\/www.facebook.com\/pages\/LIV\/816223425060880?fref=ts\" target=\"_blank\">LIV<\/a> est n\u00e9 ! Projet men\u00e9 avec le VAAV.<br><\/p>\n<\/div>\n\n\n\n<div class=\"wp-block-column is-layout-flow wp-block-column-is-layout-flow\" style=\"flex-basis:66.66%\">\n<figure class=\"wp-block-image size-full\"><a href=\"https:\/\/www.lucieglinel.com\/wp-content\/uploads\/2014\/09\/logo.jpg\"><img loading=\"lazy\" decoding=\"async\" width=\"722\" height=\"691\" src=\"https:\/\/www.lucieglinel.com\/wp-content\/uploads\/2014\/09\/logo.jpg\" alt=\"\" class=\"wp-image-744\" srcset=\"https:\/\/www.lucieglinel.com\/wp-content\/uploads\/2014\/09\/logo.jpg 722w, https:\/\/www.lucieglinel.com\/wp-content\/uploads\/2014\/09\/logo-300x287.jpg 300w, https:\/\/www.lucieglinel.com\/wp-content\/uploads\/2014\/09\/logo-313x300.jpg 313w\" sizes=\"(max-width: 722px) 100vw, 722px\" \/><\/a><\/figure>\n<\/div>\n<\/div>\n\n\n\n<div class=\"wp-block-columns is-layout-flex wp-container-core-columns-is-layout-9d6595d7 wp-block-columns-is-layout-flex\">\n<div class=\"wp-block-column is-layout-flow wp-block-column-is-layout-flow\" style=\"flex-basis:66.66%\">\n<figure class=\"wp-block-image size-large\"><a href=\"https:\/\/www.lucieglinel.com\/wp-content\/uploads\/2014\/09\/spectacle-muse\u0301e-027-le\u0301ger.jpg\"><img loading=\"lazy\" decoding=\"async\" width=\"1024\" height=\"682\" src=\"https:\/\/www.lucieglinel.com\/wp-content\/uploads\/2014\/09\/spectacle-muse\u0301e-027-le\u0301ger-1024x682.jpg\" alt=\"\" class=\"wp-image-741\" srcset=\"https:\/\/www.lucieglinel.com\/wp-content\/uploads\/2014\/09\/spectacle-muse\u0301e-027-le\u0301ger-1024x682.jpg 1024w, https:\/\/www.lucieglinel.com\/wp-content\/uploads\/2014\/09\/spectacle-muse\u0301e-027-le\u0301ger-300x199.jpg 300w, https:\/\/www.lucieglinel.com\/wp-content\/uploads\/2014\/09\/spectacle-muse\u0301e-027-le\u0301ger-450x300.jpg 450w, https:\/\/www.lucieglinel.com\/wp-content\/uploads\/2014\/09\/spectacle-muse\u0301e-027-le\u0301ger.jpg 1772w\" sizes=\"(max-width: 1024px) 100vw, 1024px\" \/><\/a><\/figure>\n<\/div>\n\n\n\n<div class=\"wp-block-column is-layout-flow wp-block-column-is-layout-flow\" style=\"flex-basis:33.33%\">\n<p><meta charset=\"utf-8\"><strong><span style=\"color: #ff6600;\">Mai 2012<\/span><\/strong><br>Dans le cadre de la semaine sur le d\u00e9veloppement durable, B\u00e9n\u00e9dicte, du mus\u00e9e de Melun voulait un spectacle sur les d\u00e9chets, qui utilise les oeuvres du mus\u00e9e<\/p>\n<\/div>\n<\/div>\n\n\n\n<p><br><\/p>\n\n\n\n<p class=\"has-text-align-right\"><\/p>\n\n\n\n<div class=\"wp-block-columns is-layout-flex wp-container-core-columns-is-layout-9d6595d7 wp-block-columns-is-layout-flex\">\n<div class=\"wp-block-column is-layout-flow wp-block-column-is-layout-flow\" style=\"flex-basis:33.33%\">\n<p><meta charset=\"utf-8\"><strong><span style=\"color: #ff6600;\">Octobre 2008 &#8211; juin 2010 \u00e0 Bordeaux<br><\/span><\/strong>Et si on organisait un rendez-vous r\u00e9gulier pour tous ceux qui aiment les contes, et les jeux autour du conte ? Organis\u00e9 avec <a rel=\"noopener\" href=\"https:\/\/www.facebook.com\/sophieperesconteuse\" target=\"_blank\">Sophie P\u00e9r\u00e8s<\/a> et le salon de th\u00e9 Le Samovar \u00e0 Bordeaux.<\/p>\n<\/div>\n\n\n\n<div class=\"wp-block-column is-layout-flow wp-block-column-is-layout-flow\" style=\"flex-basis:66.66%\">\n<figure class=\"wp-block-image size-large\"><a href=\"https:\/\/www.lucieglinel.com\/wp-content\/uploads\/2014\/09\/flyer-samovar.jpg\"><img loading=\"lazy\" decoding=\"async\" width=\"730\" height=\"1024\" src=\"https:\/\/www.lucieglinel.com\/wp-content\/uploads\/2014\/09\/flyer-samovar-730x1024.jpg\" alt=\"\" class=\"wp-image-743\" srcset=\"https:\/\/www.lucieglinel.com\/wp-content\/uploads\/2014\/09\/flyer-samovar-730x1024.jpg 730w, https:\/\/www.lucieglinel.com\/wp-content\/uploads\/2014\/09\/flyer-samovar-213x300.jpg 213w, https:\/\/www.lucieglinel.com\/wp-content\/uploads\/2014\/09\/flyer-samovar.jpg 1264w\" sizes=\"(max-width: 730px) 100vw, 730px\" \/><\/a><\/figure>\n<\/div>\n<\/div>\n\n\n\n<p class=\"has-text-align-center\"><strong><span style=\"color: #ff6600;\">ETC &#8230;<\/span><\/strong><\/p>\n\n\n\n<p><\/p>\n","protected":false},"excerpt":{"rendered":"<p>Balades cont\u00e9es, veill\u00e9es pour rire ou pour se faire peur, occupation ou mise en valeur d&rsquo;un lieu, travail sur un th\u00e8me particulier &#8230; Quel que soit votre projet, appelez-nous ! Le 8 juin 2024, \u00e0 la ferme de la recette \u00e0 Echou, la famille Dufour f\u00eate ses 100 ans. Pour l&rsquo;occasion, ils ont demand\u00e9 \u00e0 Lucie de venir collecter, puis raconter les histoires de la ferme avant et depuis son installation. Une balade cont\u00e9e pleine d&rsquo;\u00e9motion ! Cultures en jardinsA&#8230;<\/p>\n<p class=\"read-more\"><a class=\"btn btn-default\" href=\"https:\/\/www.lucieglinel.com\/?page_id=728\">Lire la suite<span class=\"screen-reader-text\"> Lire la suite<\/span><\/a><\/p>\n","protected":false},"author":1,"featured_media":0,"parent":0,"menu_order":0,"comment_status":"closed","ping_status":"closed","template":"","meta":{"ngg_post_thumbnail":0,"footnotes":""},"class_list":["post-728","page","type-page","status-publish","hentry"],"_links":{"self":[{"href":"https:\/\/www.lucieglinel.com\/index.php?rest_route=\/wp\/v2\/pages\/728","targetHints":{"allow":["GET"]}}],"collection":[{"href":"https:\/\/www.lucieglinel.com\/index.php?rest_route=\/wp\/v2\/pages"}],"about":[{"href":"https:\/\/www.lucieglinel.com\/index.php?rest_route=\/wp\/v2\/types\/page"}],"author":[{"embeddable":true,"href":"https:\/\/www.lucieglinel.com\/index.php?rest_route=\/wp\/v2\/users\/1"}],"replies":[{"embeddable":true,"href":"https:\/\/www.lucieglinel.com\/index.php?rest_route=%2Fwp%2Fv2%2Fcomments&post=728"}],"version-history":[{"count":24,"href":"https:\/\/www.lucieglinel.com\/index.php?rest_route=\/wp\/v2\/pages\/728\/revisions"}],"predecessor-version":[{"id":1697,"href":"https:\/\/www.lucieglinel.com\/index.php?rest_route=\/wp\/v2\/pages\/728\/revisions\/1697"}],"wp:attachment":[{"href":"https:\/\/www.lucieglinel.com\/index.php?rest_route=%2Fwp%2Fv2%2Fmedia&parent=728"}],"curies":[{"name":"wp","href":"https:\/\/api.w.org\/{rel}","templated":true}]}}